{"id":2,"date":"2020-09-05T13:49:34","date_gmt":"2020-09-05T13:49:34","guid":{"rendered":"https:\/\/visiones.uniandes.edu.co\/jgdavila11\/?page_id=2"},"modified":"2020-09-05T17:50:34","modified_gmt":"2020-09-05T17:50:34","slug":"alfareria-antropoceno-capitaloceno","status":"publish","type":"page","link":"https:\/\/visiones.uniandes.edu.co\/jgdavila11\/alfareria-antropoceno-capitaloceno\/","title":{"rendered":"Alfarer\u00eda en el r\u00edo In\u00edrida"},"content":{"rendered":"\n<figure class=\"wp-block-image size-large\"><img loading=\"lazy\" decoding=\"async\" width=\"1024\" height=\"683\" src=\"https:\/\/visiones.uniandes.edu.co\/jgdavila11\/wp-content\/uploads\/sites\/40\/2020\/09\/artesanias-puinave-imagen-principal-1024x683.jpg\" alt=\"\" class=\"wp-image-10\" srcset=\"https:\/\/visiones.uniandes.edu.co\/jgdavila11\/wp-content\/uploads\/sites\/40\/2020\/09\/artesanias-puinave-imagen-principal-1024x683.jpg 1024w, https:\/\/visiones.uniandes.edu.co\/jgdavila11\/wp-content\/uploads\/sites\/40\/2020\/09\/artesanias-puinave-imagen-principal-300x200.jpg 300w, https:\/\/visiones.uniandes.edu.co\/jgdavila11\/wp-content\/uploads\/sites\/40\/2020\/09\/artesanias-puinave-imagen-principal-768x512.jpg 768w, https:\/\/visiones.uniandes.edu.co\/jgdavila11\/wp-content\/uploads\/sites\/40\/2020\/09\/artesanias-puinave-imagen-principal-1200x800.jpg 1200w, https:\/\/visiones.uniandes.edu.co\/jgdavila11\/wp-content\/uploads\/sites\/40\/2020\/09\/artesanias-puinave-imagen-principal.jpg 1500w\" sizes=\"auto, (max-width: 1024px) 100vw, 1024px\" \/><\/figure>\n\n\n\n<p><strong>Alfarer\u00eda:<\/strong> Creaci\u00f3n sin humanidad.<em> La naturaleza expres\u00e1ndose.<\/em> El humano es parte de la naturaleza, <em>web of life<\/em> en t\u00e9rminos de Jason Moore, o red de Indra, en t\u00e9rminos del budismo Mah\u0101y\u0101na, no su antagonismo, ni su oposici\u00f3n ac\u00e9rrima. El arte no puede seguir planteando en nociones antropoc\u00e9nicas. No hay expresi\u00f3n que no provenga de la materia, de la actividad, de la mutaci\u00f3n de los elementos. Es la tierra <em>diciendo <\/em>las formas. <\/p>\n\n\n\n<p class=\"has-small-font-size\"><strong>\u00bfAntropoceno?<\/strong> Los actuales discursos sobre el llamado \u2018Antropoceno\u2018 subrayan el papel que desempe\u00f1an los seres humanos en la transformaci\u00f3n hist\u00f3rica del mundo biof\u00edsico y la crisis ambiental global, generando as\u00ed una nueva era geol\u00f3gica.<\/p>\n\n\n\n<p class=\"has-small-font-size\"><strong>\u00bfCapitaloceno?<\/strong> Por lo tanto, <em>Capitaloceno<\/em> resalta c\u00f3mo valoraciones econ\u00f3micas capitalistas de apropiaci\u00f3n de naturalezas y territorios, y no solo las acciones humanas directas, son causa de las transformaciones ambientales.<\/p>\n\n\n\n<p class=\"has-small-font-size\">Definici\u00f3n de Astrid Ulloa en &#8220;<a href=\"https:\/\/www.revistaarcadia.com\/agenda\/articulo\/vivimos-en-el-capitaloceno-una-reflexion-sobre-humboldt-y-el-capitalismo\/76260\/#\">\u00bfVivimos en el &#8216;Capitaloceno&#8217;?<\/a>&#8220;<\/p>\n\n\n\n<figure class=\"wp-block-image size-large\"><img loading=\"lazy\" decoding=\"async\" width=\"800\" height=\"568\" src=\"https:\/\/visiones.uniandes.edu.co\/jgdavila11\/wp-content\/uploads\/sites\/40\/2020\/09\/T2QTFP52DNDENBJ6YGA7S5A4HA.jpg\" alt=\"\" class=\"wp-image-14\" srcset=\"https:\/\/visiones.uniandes.edu.co\/jgdavila11\/wp-content\/uploads\/sites\/40\/2020\/09\/T2QTFP52DNDENBJ6YGA7S5A4HA.jpg 800w, https:\/\/visiones.uniandes.edu.co\/jgdavila11\/wp-content\/uploads\/sites\/40\/2020\/09\/T2QTFP52DNDENBJ6YGA7S5A4HA-300x213.jpg 300w, https:\/\/visiones.uniandes.edu.co\/jgdavila11\/wp-content\/uploads\/sites\/40\/2020\/09\/T2QTFP52DNDENBJ6YGA7S5A4HA-768x545.jpg 768w\" sizes=\"auto, (max-width: 800px) 100vw, 800px\" \/><\/figure>\n\n\n\n<p><\/p>\n","protected":false},"excerpt":{"rendered":"<p>Alfarer\u00eda: Creaci\u00f3n sin humanidad. La naturaleza expres\u00e1ndose. El humano es parte de la naturaleza, web of life en t\u00e9rminos de Jason Moore, o red de Indra, en t\u00e9rminos del budismo Mah\u0101y\u0101na, no su antagonismo, ni su oposici\u00f3n ac\u00e9rrima. El arte no puede seguir planteando en nociones antropoc\u00e9nicas. No hay expresi\u00f3n que no provenga de la [&hellip;]<\/p>\n","protected":false},"author":40,"featured_media":0,"parent":0,"menu_order":0,"comment_status":"closed","ping_status":"closed","template":"","meta":{"_themeisle_gutenberg_block_has_review":false,"footnotes":""},"class_list":["post-2","page","type-page","status-publish","hentry"],"_links":{"self":[{"href":"https:\/\/visiones.uniandes.edu.co\/jgdavila11\/wp-json\/wp\/v2\/pages\/2","targetHints":{"allow":["GET"]}}],"collection":[{"href":"https:\/\/visiones.uniandes.edu.co\/jgdavila11\/wp-json\/wp\/v2\/pages"}],"about":[{"href":"https:\/\/visiones.uniandes.edu.co\/jgdavila11\/wp-json\/wp\/v2\/types\/page"}],"author":[{"embeddable":true,"href":"https:\/\/visiones.uniandes.edu.co\/jgdavila11\/wp-json\/wp\/v2\/users\/40"}],"replies":[{"embeddable":true,"href":"https:\/\/visiones.uniandes.edu.co\/jgdavila11\/wp-json\/wp\/v2\/comments?post=2"}],"version-history":[{"count":5,"href":"https:\/\/visiones.uniandes.edu.co\/jgdavila11\/wp-json\/wp\/v2\/pages\/2\/revisions"}],"predecessor-version":[{"id":16,"href":"https:\/\/visiones.uniandes.edu.co\/jgdavila11\/wp-json\/wp\/v2\/pages\/2\/revisions\/16"}],"wp:attachment":[{"href":"https:\/\/visiones.uniandes.edu.co\/jgdavila11\/wp-json\/wp\/v2\/media?parent=2"}],"curies":[{"name":"wp","href":"https:\/\/api.w.org\/{rel}","templated":true}]}}